{"id":6,"date":"2026-04-13T14:26:28","date_gmt":"2026-04-13T14:26:28","guid":{"rendered":"http:\/\/esae.fr\/actualites2016\/"},"modified":"2026-04-13T14:26:28","modified_gmt":"2026-04-13T14:26:28","slug":"actualites2016","status":"publish","type":"page","link":"https:\/\/www.esae.fr\/actualites2016.html","title":{"rendered":"Actualites2016"},"content":{"rendered":"<div id=\"Layer1\"><\/div>\n<div id=\"annonce\"><a href=\"https:\/\/www.esae.fr\/download\/2016\/cours du soir 2016_doc\" target=\"_blank\"><\/a><\/div>\n<div id=\"Layer2\"><a href=\"https:\/\/www.esae.fr\/index_php.html\"><img loading=\"lazy\" decoding=\"async\" src=\"https:\/\/www.esae.fr\/files\/images\/esal_logo_517.png\" width=\"320\" height=\"517\" border=\"0\"\/><\/a><\/div>\n<div id=\"Layer3\">\n<div id=\"smoothmenu1\" class=\"ddsmoothmenu\">\n<ul>\n<li><a href=\"https:\/\/www.esae.fr\/actualites2017.html\"><img decoding=\"async\" src=\"https:\/\/www.esae.fr\/files\/images\/menu_barre_01.gif\"\/><\/a><\/li>\n<li><a href=\"https:\/\/www.esae.fr\"><img decoding=\"async\" src=\"https:\/\/www.esae.fr\/files\/images\/menu_barre_02.png\"\/><\/a>\n<ul>\n<li><a href=\"https:\/\/www.esae.fr\">&#8211; &Eacute;quipe p&eacute;dagogique<\/a><\/li>\n<li><a href=\"https:\/\/www.esae.fr\">&#8211; Les intervenants<\/a><\/li>\n<li><a href=\"https:\/\/www.esae.fr\">&#8211; Projet de l&#8217;&eacute;cole<\/a><\/li>\n<li><a href=\"https:\/\/www.esae.fr\">&#8211; Les enseignements<\/a><\/li>\n<li><a href=\"https:\/\/www.esae.fr\">&#8211; Les perspectives&#8230; <\/a><\/li>\n<li><a href=\"https:\/\/www.esae.fr\">&#8211; Pr&eacute;cis de cours<\/a><\/li>\n<li><a href=\"https:\/\/www.esae.fr\">&#8211; Calendrier pr&eacute;visionnel<\/a><\/li>\n<li><a href=\"https:\/\/www.esae.fr\">&#8211; Ateliers p&eacute;riscolaires<\/a><\/li>\n<\/ul>\n<\/li>\n<li><a href=\"https:\/\/www.esae.fr\"><img decoding=\"async\" src=\"https:\/\/www.esae.fr\/files\/images\/menu_barre_03.png\"\/><\/a>\n<ul>\n<li><a href=\"https:\/\/www.esae.fr\">&#8211; &Eacute;ditions<\/a><\/li>\n<li><a href=\"https:\/\/www.esae.fr\">&#8211; Design graphique<\/a><\/li>\n<li><a href=\"https:\/\/www.esae.fr\">&#8211; Image mouvement<\/a><\/li>\n<li><a href=\"https:\/\/www.esae.fr\">&#8211; Animations<\/a><\/li>\n<li><a href=\"https:\/\/www.esae.fr\">&#8211; Multim&eacute;dia<\/a><\/li>\n<li><a href=\"https:\/\/www.esae.fr\">&#8211; Design-mouvement <\/a><\/li>\n<li><a href=\"https:\/\/www.esae.fr\">&#8211; Photographie<\/a><\/li>\n<li><a href=\"https:\/\/www.esae.fr\/images_actu-evenementiel.html\">&#8211; &Eacute;v&eacute;nementiel<\/a><\/li>\n<li><a href=\"https:\/\/www.esae.fr\">&#8211; Le Bureau du Dessin<\/a><\/li>\n<li><a href=\"https:\/\/www.esae.fr\">&#8211; Les projets DNAT<\/a><\/li>\n<\/ul>\n<\/li>\n<li><a href=\"https:\/\/www.esae.fr\"><img decoding=\"async\" src=\"https:\/\/www.esae.fr\/files\/images\/menu_barre_04.png\"\/><\/a>\n<ul>\n<li><a href=\"https:\/\/www.esae.fr\">&#8211; Blogs des &eacute;tudiants<\/a><\/li>\n<li><a href=\"https:\/\/www.esae.fr\" target=\"_blank\">&#8211; La bo&icirc;te &agrave; outils<\/a><\/li>\n<li><a href=\"https:\/\/www.facebook.com\/groups\/107749590637\/\" target=\"_blank\">&#8211; <img loading=\"lazy\" decoding=\"async\" src=\"https:\/\/www.esae.fr\/files\/images\/facebook.png\" width=\"12\" height=\"12\" border=\"0\"\/> Facebook <\/a> <\/li>\n<\/ul>\n<\/li>\n<li><a href=\"https:\/\/www.esae.fr\"><img decoding=\"async\" src=\"https:\/\/www.esae.fr\/files\/images\/menu_barre_05.png\"\/><\/a>\n<ul>\n<li><a href=\"https:\/\/www.esae.fr\">&#8211; R&eacute;sultats concours d&#8217;entr&eacute;e&#8230;<\/a><\/li>\n<li><a href=\"https:\/\/www.esae.fr\">&#8211; Calendrier&#8230;<\/a><\/li>\n<li><a href=\"https:\/\/www.esae.fr\">&#8211; Int&eacute;grer la 1&egrave;re ann&eacute;e<\/a> <\/li>\n<li><a href=\"https:\/\/www.esae.fr\">&#8211; Commission d&#8217;&eacute;quivalence<\/a> <\/li>\n<li><a href=\"http:\/\/www.etudiant-epinal.com\/\" target=\"_blank\">&#8211; La vie &eacute;tudiante (AGSU)<\/a><\/li>\n<\/ul>\n<\/li>\n<\/ul>\n<\/div>\n<\/div>\n<div id=\"Layer4\">\n&nbsp;<\/div>\n<div id=\"Layer5\">\n<table width=\"970\" border=\"0\" cellpadding=\"0\" cellspacing=\"0\">\n<tr>\n<td width=\"32\" rowspan=\"2\" bgcolor=\"#13110F\">&nbsp;<\/td>\n<td width=\"141\" valign=\"top\" bgcolor=\"#13110F\"><span class=\"txt_actu\"><img loading=\"lazy\" decoding=\"async\" src=\"https:\/\/www.esae.fr\/files\/images\/_blank.gif\" width=\"100\" height=\"20\"\/><\/span><br class=\"bcnukro8ch6ntpqpa\"\/><br \/>\n        <a href=\"https:\/\/www.facebook.com\/%C3%89cole-sup%C3%A9rieure-dart-de-Lorraine-%C3%89pinal-1683175098622718\/?ref=bookmarks\" target=\"_blank\"><img loading=\"lazy\" decoding=\"async\" src=\"https:\/\/www.esae.fr\/files\/images\/facebook.png\" width=\"16\" height=\"16\" border=\"0\"\/><\/a><\/td>\n<td width=\"142\" valign=\"top\" align=\"right\" bgcolor=\"#13110F\"><span class=\"txt_actu\"><img loading=\"lazy\" decoding=\"async\" src=\"https:\/\/www.esae.fr\/files\/images\/_blank.gif\" width=\"100\" height=\"20\"\/><br class=\"bcnukro8ch6ntpqpa\"\/><br \/>\n      ESAL &#8211; &Eacute;pinal<\/span><\/td>\n<td width=\"35\" rowspan=\"2\" bgcolor=\"#13110F\">&nbsp;<\/td>\n<td width=\"620\" rowspan=\"2\" valign=\"top\" bgcolor=\"#4B4B4B\">\n\t  <!--; START OF MENU --><\/p>\n<table width=\"620\" border=\"0\" cellspacing=\"0\" cellpadding=\"0\">\n<tr>\n<td><a href=\"#\" rel=\"toggle[ecole]\" data-openimage=\"images\/bandeaux\/bd_actus-ecole_up.gif\" data-closedimage=\"images\/bandeaux\/bd_actus-ecole.gif\"><img loading=\"lazy\" decoding=\"async\" src=\"https:\/\/www.esae.fr\/files\/images\/bandeaux\/bd_actus-ecole.gif\" width=\"620\" height=\"20\" border=\"0\"\/><\/a><\/p>\n<div id=\"ecole\" style=\"width: 620px;\">\n<table width=\"600\" border=\"0\" cellpadding=\"0\" cellspacing=\"0\">\n<tr>\n<td class=\"tablebg\">\n                    \t<a href=\"javascript:popupcentree(&quot;evenementiel\/divers\/habiter_le_musee\/habiter_le_musee.html&quot;,950,650,&quot;menubar=yes,scrollbars=yes,statusbar=yes,resizable=yes&quot;)\"><img loading=\"lazy\" decoding=\"async\" src=\"https:\/\/www.esae.fr\/files\/evenementiel\/divers\/habiter_le_musee.jpg\" width=\"100\" height=\"100\" border=\"0\" class=\"habillage\"\/><\/a><span class=\"titre_actu\"><span class=\"txt_actu\">EXPOSITION<\/span> | LE MUS&Eacute;E HABIT&Eacute;<\/span><br class=\"bcnukro8ch6ntpqpa\"\/><br \/>\n                  <span class=\"txt_actu\">Le mus&eacute;e d&eacute;partemental d\u2019art ancien et contemporain \u00e0 &Eacute;pinal a ouvert grand ses portes aux \u00e9tudiants de 2&egrave;me ann&eacute;e de l\u2019&Eacute;cole sup&eacute;rieure d\u2019art de Lorraine (ESAL &ndash; &Eacute;pinal) depuis le mois d\u2019octobre 2015.<br class=\"bcnukro8ch6ntpqpa\"\/>&rarr; <a href=\"javascript:popupcentree(&quot;evenementiel\/divers\/habiter_le_musee\/habiter_le_musee.html&quot;,950,650,&quot;menubar=yes,scrollbars=yes,statusbar=yes,resizable=yes&quot;)\">Acc&eacute;der au photos&hellip;<\/a><br \/>\n                  \t  <\/span><br \/>\n                      <\/span>\n                    <\/td>\n<\/tr>\n<tr>\n<td class=\"tablebg\">\n                    \t<a href=\"https:\/\/www.esae.fr\/files\/javascript-popupcentree(-actualites\/2016\/festival_video_grandest_quot--950-650--menubar-yes-scrollbars-yes-statusbar-yes-resizable-yes-).pdf\"><img loading=\"lazy\" decoding=\"async\" src=\"https:\/\/www.esae.fr\/files\/actualites\/2016\/festival_video_grandest.jpg\" width=\"100\" height=\"100\" border=\"0\" class=\"habillage\"\/><\/a><span class=\"titre_actu\"><span class=\"txt_actu\">&Eacute;V&Eacute;NEMENT<\/span> | 7e FESTIVAL VID&Eacute;O DES &Eacute;COLES D&#8217;ART DU GRAND EST<\/span><br class=\"bcnukro8ch6ntpqpa\"\/><br \/>\n                  <span class=\"txt_actu\">Le 7e festival vid&eacute;o des &eacute;coles d&#8217;art du grand est diffusera plusieurs vid&eacute;os d&#8217;&eacute;tudiants et anciens &eacute;tudiants de l&#8217;ESAL &Eacute;pinal&thinsp;: <span class=\"txt_actu_bold\">L&eacute;andre B&eacute;card<\/span>, <span class=\"txt_actu_bold\">L&eacute;a Cuadrado<\/span>, <span class=\"txt_actu_bold\">Marianne Masselot<\/span>, <span class=\"txt_actu_bold\">Camille Rabourdin<\/span> et <span class=\"txt_actu_bold\">Johanna Rousseau<\/span> (dipl&ocirc;m&eacute;e 2015).<br class=\"bcnukro8ch6ntpqpa\"\/>&rarr; <a href=\"https:\/\/www.esae.fr\/files\/javascript-popupcentree(-actualites\/2016\/festival_video_grandest_quot--950-650--menubar-yes-scrollbars-yes-statusbar-yes-resizable-yes-).pdf\">Acc\u00e9der au programme&hellip;<\/a><br \/>\n                  \t  <\/span><br \/>\n                      <\/span>\n                    <\/td>\n<\/tr>\n<tr>\n<td class=\"tablebg\">\n                    \t<a href=\"javascript:popupcentree(&quot;evenementiel\/dismoi_dixmots\/2016\/index.html&quot;,950,650,&quot;menubar=yes,scrollbars=yes,statusbar=yes,resizable=yes&quot;)\"><img loading=\"lazy\" decoding=\"async\" src=\"https:\/\/www.esae.fr\/files\/evenementiel\/dismoi_dixmots\/dmdm2016.jpg\" width=\"100\" height=\"100\" border=\"0\" class=\"habillage\"\/><\/a><span class=\"titre_actu\"><span class=\"txt_actu\">&Eacute;V&Eacute;NEMENT<\/span> | DIS-MOI DIX MOTS&hellip;EN LANGUE(S) FRAN&Ccedil;AISE(S)<\/span><br class=\"bcnukro8ch6ntpqpa\"\/><br \/>\n                  <span class=\"txt_actu\">Les &eacute;tudiants de l&#8217;&Eacute;cole sup&eacute;rieure d&#8217;art de Lorraine &mdash; &Eacute;pinal investissent la ville par leurs images \u00e0 l&#8217;occasion de \u00ab Dis&ndash;moi dix mots&hellip; En langue(s) fran&ccedil;aise(s) <br class=\"bcnukro8ch6ntpqpa\"\/>&rarr; <a href=\"javascript:popupcentree(&quot;evenementiel\/dismoi_dixmots\/2016\/index.html&quot;,950,650,&quot;menubar=yes,scrollbars=yes,statusbar=yes,resizable=yes&quot;)\">Acc\u00e9der aux images&#8230;<\/a><br \/>\n                  \t  <\/span><br \/>\n                      <\/span>\n                    <\/td>\n<\/tr>\n<tr>\n<td class=\"tablebg\">\n                    \t<a href=\"javascript:popupcentree(&quot;actualites\/2016\/QDA_gabrielcourrier\/QDA_gabrielcourrier.html&quot;,950,650,&quot;menubar=yes,scrollbars=yes,statusbar=yes,resizable=yes&quot;)\"><img loading=\"lazy\" decoding=\"async\" src=\"https:\/\/www.esae.fr\/files\/actualites\/2016\/qda_gabrielcourrier\/qda_gabrielcourrier.11.26.jpg\" width=\"100\" height=\"100\" border=\"0\" class=\"habillage\"\/><\/a><span class=\"titre_actu\"><span class=\"txt_actu\">PRESSE<\/span> | GABRIEL COURRIER &#038; L&#8217;ESALE<\/span><br class=\"bcnukro8ch6ntpqpa\"\/><br \/>\n                  <span class=\"txt_actu\">Gabriel Courrier, jeune dipl\u00f4m\u00e9 de l&#8217;\u00c9cole Sup\u00e9rieure d&#8217;Art de Lorraine \u2014 \u00c9pinal, dans le Quotidien de l&#8217;Art &rarr; <a href=\"javascript:popupcentree(&quot;actualites\/2016\/QDA_gabrielcourrier\/QDA_gabrielcourrier.html&quot;,950,650,&quot;menubar=yes,scrollbars=yes,statusbar=yes,resizable=yes&quot;)\">Acc\u00e9der au pdf&#8230;<\/a><br \/>\n                  \t  <\/span><br \/>\n                      <\/span>\n                    <\/td>\n<\/tr>\n<tr>\n<td class=\"tablebg\"><span class=\"txt_actu\"><a href=\"javascript:popupcentree(&quot;evenementiel\/lune_en_parachute\/au_detour_de\/index.html&quot;,950,650,&quot;menubar=yes,scrollbars=yes,statusbar=yes,resizable=yes&quot;)\"><img loading=\"lazy\" decoding=\"async\" src=\"https:\/\/www.esae.fr\/files\/evenementiel\/lune_en_parachute\/audetourde.jpg\" width=\"100\" height=\"100\" border=\"0\" class=\"habillage\"\/><\/a><span class=\"titre_actu\"><span class=\"txt_actu\">EXPOSITION <\/span> | AU D\u00c9TOUR DE<\/span><br class=\"bcnukro8ch6ntpqpa\"\/><br \/>\n                  <span class=\"txt_actu\">Pour retrouver les photos de l&#8217;exposition AU D\u00c9TOUR DE des troisi\u00e8mes ann\u00e9es \u00e0 La Lune en Parachute.<br \/>\n                  <br class=\"bcnukro8ch6ntpqpa\"\/><br \/>\n                  Du 25 mars au 3 avril 2016 &rarr; <a href=\"https:\/\/www.esae.fr\" target=\"_blank\">Acc\u00e9der aux photos&#8230;<\/a><br \/>\n                  \t<\/span><br \/>\n                  \t  <\/span><\/td>\n<\/tr>\n<tr>\n<td class=\"tablebg\">\n                    \t<a href=\"javascript:popupcentree(&quot;evenementiel\/portes_ouvertes\/2016\/index.html&quot;,950,650,&quot;menubar=yes,scrollbars=yes,statusbar=yes,resizable=yes&quot;)\"><img loading=\"lazy\" decoding=\"async\" src=\"https:\/\/www.esae.fr\/files\/evenementiel\/portes_ouvertes\/po2016.jpg\" width=\"100\" height=\"100\" border=\"0\" class=\"habillage\"\/><\/a><span class=\"titre_actu\"><span class=\"txt_actu\">&Eacute;V&Eacute;NEMENT<\/span> | PORTES OUVERTES 2016<\/span><br class=\"bcnukro8ch6ntpqpa\"\/><br \/>\n                  <span class=\"txt_actu\">Pour retrouver les photos des portes ouvertes de l&#8217;&Eacute;SAL &Eacute;pinal.<br class=\"bcnukro8ch6ntpqpa\"\/><br \/>\n                  Le samedi 5 mars 2016 &rarr; <a href=\"https:\/\/www.esae.fr\" target=\"_blank\">Acc\u00e9der aux photos&#8230;<\/a><br \/>\n                  \t  <\/span><br \/>\n                      <\/span>\n                    <\/td>\n<\/tr>\n<tr>\n<td class=\"tablebg\">\n                    \t<a href=\"javascript:popupcentree(&quot;evenementiel\/souris_verte\/yeux_dans_la_soupe\/index.html&quot;,950,650,&quot;menubar=yes,scrollbars=yes,statusbar=yes,resizable=yes&quot;)\"><img loading=\"lazy\" decoding=\"async\" src=\"https:\/\/www.esae.fr\/files\/evenementiel\/souris_verte\/yeuxdanslasoupe.jpg\" width=\"100\" height=\"100\" border=\"0\" class=\"habillage\"\/><\/a><span class=\"titre_actu\"><span class=\"txt_actu\">&Eacute;V&Eacute;NEMENT<\/span> | LES YEUX DANS LA SOUPE<\/span><br class=\"bcnukro8ch6ntpqpa\"\/><br \/>\n                  <span class=\"txt_actu\">Pour retrouver les photos de le soir&eacute;e organis&eacute;e par les &eacute;tudiants de l&#8217;&Eacute;SAL &Eacute;pinal &agrave; la Souris verte.<br class=\"bcnukro8ch6ntpqpa\"\/><br \/>\n                  Le jeudi 3 mars 2016 &rarr; <a href=\"https:\/\/www.esae.fr\" target=\"_blank\">Acc\u00e9der aux photos&#8230;<\/a><br \/>\n                  \t<\/span><br \/>\n                      <\/span>\n                    <\/td>\n<\/tr>\n<tr>\n<td class=\"tablebg\">\n                    \t<a href=\"javascript:popupcentree(&quot;actualites\/2016\/angouleme.html&quot;,950,650,&quot;menubar=yes,scrollbars=yes,statusbar=yes,resizable=yes&quot;)\"><img loading=\"lazy\" decoding=\"async\" src=\"https:\/\/www.esae.fr\/files\/actualites\/2016\/angouleme.jpg\" width=\"100\" height=\"100\" border=\"0\" class=\"habillage\"\/><\/a><span class=\"titre_actu\"><span class=\"txt_actu\">FESTIVAL <\/span> | ANGOUL\u00caME 2016<\/span><br class=\"bcnukro8ch6ntpqpa\"\/><br \/>\n                  <span class=\"txt_actu\">L&#8217;\u00e9cole \u00e9tait pr\u00e9sente au 43\u00e8 festival international de la bande dessin\u00e9e d&#8217;Angoul\u00eame.<br class=\"bcnukro8ch6ntpqpa\"\/><br \/>\n                  DU 28 AU 31 JANVIER 2016 &rarr; <a href=\"https:\/\/www.esae.fr\/actualites\/2016\/angouleme.html\" target=\"_blank\">Acc\u00e9der aux photos&hellip;<\/a><br \/>\n                  <\/span>\n                    <\/td>\n<\/tr>\n<tr>\n<td class=\"tablebg\">\n                          <a href=\"javascript:popupcentree(&quot;evenementiel\/workshop\/mathieuz_renaudp\/mathieuz_renaudperrin.html&quot;,950,650,&quot;menubar=yes,scrollbars=yes,statusbar=yes,resizable=yes&quot;)\"><img loading=\"lazy\" decoding=\"async\" src=\"https:\/\/www.esae.fr\/files\/evenementiel\/workshop\/ws_mathieuz_renaudp.jpg\" width=\"100\" height=\"100\" border=\"0\" class=\"habillage\"\/><\/a><span class=\"titre_actu\"><span class=\"txt_actu\">WORKSHOP<\/span> | IRRUPTIONS DOMESTIQUES<\/span><br class=\"bcnukro8ch6ntpqpa\"\/><br \/>\n                          <span class=\"txt_actu\">Imaginons un volcan domestique, il entre en &eacute;ruption.<br class=\"bcnukro8ch6ntpqpa\"\/><br \/>\n                            En sort progressivement une multitude d\u2019objets, de personnages, de formes et de lignes color&eacute;es. Le volcan change de forme au gr&eacute; de l\u2019&eacute;ruption.<br class=\"bcnukro8ch6ntpqpa\"\/><br \/>\n                          MATHIEU Z &#038; RENAUD PERRIN | 16 ET 17 D\u00c9CEMBRE 2015 &rarr; <a href=\"https:\/\/www.esae.fr\" target=\"_blank\">Acc\u00e9der aux photos&#8230;<\/a><br class=\"bcnukro8ch6ntpqpa\"\/><br \/>\n                          <\/span>\n                      <\/td>\n<\/tr>\n<tr>\n<td class=\"tablebg\"><a href=\"https:\/\/www.esae.fr\/files\/actualites\/2016\/echange metz epinal 1.pdf\" target=\"_blank\"><img loading=\"lazy\" decoding=\"async\" src=\"https:\/\/www.esae.fr\/files\/actualites\/2016\/metz-epinal1.jpg\" width=\"100\" height=\"100\" border=\"0\" class=\"habillage\"\/><\/a><span class=\"titre_actu\"><span class=\"txt_actu\">&Eacute;CHANGES<\/span> | METZ-&Eacute;PINAL N\u02da1<\/span><br class=\"bcnukro8ch6ntpqpa\"\/><br \/>\n                      <span class=\"txt_actu\">Studio d&#8217;incrustation vid&eacute;o, projet d&#8217;&eacute;dition &quot;REVU&quot; et atelier gravure, 3 ateliers propos&eacute;s aux &eacute;tudiants de 3&egrave; ann&eacute;e des 2 &eacute;coles de l&#8217;ESAL.<\/span><span class=\"txt_actu\"> Rencontres, &eacute;changes, confrontations&#8230; Les 19 et 20 octobre 2015 &agrave; Metz.<br class=\"bcnukro8ch6ntpqpa\"\/><br \/>\n                    &rarr; <a href=\"https:\/\/www.esae.fr\/files\/actualites\/2016\/echange metz epinal 1.pdf\" target=\"_blank\">Plus d&#8217;infos&#8230;<\/a><\/span><\/td>\n<\/tr>\n<p>                 <br class=\"bcnukro8ch6ntpqpa\"\/>              <\/p>\n<tr>\n<td class=\"tablebg\">\n                <a href=\"https:\/\/www.esae.fr\/files\/download\/2015\/cours du soir  esal epinal 2015 - 2016.pdf\" target=\"_blank\"><img loading=\"lazy\" decoding=\"async\" src=\"https:\/\/www.esae.fr\/files\/actualites\/2015\/cours_du_soir.gif\" width=\"100\" height=\"100\" border=\"0\" class=\"habillage\"\/><\/a><span class=\"titre_actu\">COURS DU SOIR 2015\/16<\/span><span class=\"txt_actu\"><br class=\"bcnukro8ch6ntpqpa\"\/><br \/>\n                      &rarr; <a href=\"https:\/\/www.esae.fr\/files\/download\/2015\/cours du soir  esal epinal 2015 - 2016.pdf\">Programme &#038; inscription&#8230;<\/a><\/span><br \/>\n              <\/span>\n                <\/td>\n<\/tr>\n<\/table><\/div>\n<p>            <a href=\"#\" rel=\"toggle[agenda]\" data-openimage=\"images\/bandeaux\/bd_agenda_up.gif\" data-closedimage=\"images\/bandeaux\/bd_agenda.gif\"><img loading=\"lazy\" decoding=\"async\" src=\"https:\/\/www.esae.fr\/files\/images\/bandeaux\/bd_agenda.gif\" width=\"620\" height=\"20\" border=\"0\"\/><\/a><\/p>\n<div id=\"agenda\" style=\"width: 620px;\">\n<table width=\"600\" border=\"0\" cellpadding=\"0\" cellspacing=\"0\">\n<tr>\n<td class=\"tablebg\">\n                    <\/td>\n<\/tr>\n<\/table><\/div>\n<p>            <a href=\"#\" rel=\"toggle[anciens]\" data-openimage=\"images\/bandeaux\/bd_diplomes_up.gif\" data-closedimage=\"images\/bandeaux\/bd_diplomes.gif\"><img loading=\"lazy\" decoding=\"async\" src=\"https:\/\/www.esae.fr\/files\/images\/bandeaux\/bd_diplomes.gif\" width=\"620\" height=\"20\" border=\"0\"\/><\/a><\/p>\n<div id=\"anciens\" style=\"width: 620px;\">\n<table width=\"600\" border=\"0\" cellpadding=\"0\" cellspacing=\"0\">\n<tr>\n<td class=\"tablebg\">\n                    \t<a href=\"https:\/\/www.esae.fr\" target=\"_blank\"><img loading=\"lazy\" decoding=\"async\" src=\"https:\/\/www.esae.fr\/files\/actualites\/2016\/qda_gabrielcourrier\/qda_gabrielcourrier.11.26.jpg\" width=\"100\" height=\"100\" border=\"0\" class=\"habillage\"\/><\/a><span class=\"titre_actu\"><span class=\"txt_actu\">PRESSE<\/span> | GABRIEL COURRIER &#038; L&#8217;ESALE<\/span><br class=\"bcnukro8ch6ntpqpa\"\/><br \/>\n                  <span class=\"txt_actu\">Gabriel Courrier, jeune dipl\u00f4m\u00e9 de l&#8217;\u00c9cole Sup\u00e9rieure d&#8217;Art de Lorraine \u2014 \u00c9pinal, dans le Quotidien de l&#8217;Art &rarr; <a href=\"https:\/\/www.esae.fr\" target=\"_blank\">Acc\u00e9der au pdf&#8230;<\/a><br \/>\n                  \t  <\/span><br \/>\n                      <\/span>\n                    <\/td>\n<\/tr>\n<tr>\n<td class=\"tablebg\"><img loading=\"lazy\" decoding=\"async\" src=\"https:\/\/www.esae.fr\/files\/actualites\/2015\/mulhouse.jpg\" width=\"100\" height=\"100\" border=\"0\" class=\"habillage\"\/><span class=\"titre_actu\"><span class=\"txt_actu\">EXPOSITION<\/span> | BIENNALE DE MULHOUSE 2015<\/span><br class=\"bcnukro8ch6ntpqpa\"\/><br \/>\n                      <span class=\"txt_actu\">Louis Picard et <\/span><span class=\"txt_actu\">Maxime Piette seront pr&eacute;sent &agrave; la 11&egrave;me biennale d&#8217;art contemporain de Mulhouse &#8211; du 13 au 16 juin.<br class=\"bcnukro8ch6ntpqpa\"\/><br \/>\n                      &rarr; Plus d&#8217;infos&#8230;<\/span><\/td>\n<\/tr>\n<tr>\n<td class=\"tablebg\"><a href=\"https:\/\/vimeo.com\/93967913\" target=\"_blank\"><img loading=\"lazy\" decoding=\"async\" src=\"https:\/\/www.esae.fr\/files\/actualites\/2015\/recontre-video-ge.jpg\" width=\"100\" height=\"100\" border=\"0\" class=\"habillage\"\/><\/a><span class=\"titre_actu\"><span class=\"txt_actu\">LAUREAT<\/span> | MAXIME PIETTE (DNAT 2013)<\/span><br class=\"bcnukro8ch6ntpqpa\"\/><br \/>\n                      <span class=\"txt_actu\">&Agrave; l&#8217;issue des 6&egrave; rencontres vid&eacute;o<\/span><span class=\"txt_actu\"> des &eacute;coles du grand est, Maxime Piette remporte le Prix du Jury pour son installation vid&eacute;o &quot;The Fall&quot;.<br class=\"bcnukro8ch6ntpqpa\"\/><br \/>\n                      &rarr; <a href=\"https:\/\/vimeo.com\/93967913\" target=\"_blank\">Voir la video&#8230;<\/a><\/span>\n                 <\/td>\n<\/tr>\n<tr>\n<td class=\"tablebg\"><a href=\"http:\/\/www.palaisdetokyo.com\/fr\/exposition\/clement-richem\" target=\"_blank\"><img loading=\"lazy\" decoding=\"async\" src=\"https:\/\/www.esae.fr\/files\/actualites\/2015\/a_clement_richem.jpg\" width=\"100\" height=\"100\" border=\"0\" class=\"habillage\"\/><\/a><span class=\"titre_actu\"><span class=\"txt_actu\">EXPOSITION<\/span> | Cl&eacute;ment RICHEM au Palais de Tokyo<\/span><br class=\"bcnukro8ch6ntpqpa\"\/><br \/>\n                      <span class=\"txt_actu\">&Agrave; l&rsquo;occasion de sa premi&egrave;re exposition &agrave; Paris, Cl&eacute;ment Richem (DNAT 2008) pr&eacute;sente une s&eacute;lection d&rsquo;&oelig;uvres r&eacute;centes ou in&eacute;dites explorant les relations du mouvement et du temps&hellip;<\/span><span class=\"txt_actu\"><br class=\"bcnukro8ch6ntpqpa\"\/><br \/>\n                      &rarr; <a href=\"http:\/\/www.palaisdetokyo.com\/fr\/exposition\/clement-richem\" target=\"_blank\">Plus d&#8217;infos&#8230;<\/a><\/span>\n                 <\/td>\n<\/tr>\n<tr>\n<td class=\"tablebg\"><a href=\"https:\/\/vimeo.com\/119943261\" target=\"_blank\"><img loading=\"lazy\" decoding=\"async\" src=\"https:\/\/www.esae.fr\/files\/actualites\/2015\/a_bisaro.jpg\" width=\"100\" height=\"100\" border=\"0\" class=\"habillage\"\/><\/a><span class=\"titre_actu\"><span class=\"txt_actu\">INTERVIEW<\/span> | Julien Bisaro nomm&eacute; aux C&eacute;sars 2015<\/span><br class=\"bcnukro8ch6ntpqpa\"\/><br \/>\n                      <span class=\"txt_actu\">BANG BANG ! le court m&eacute;trage de Julien Bisaro (DNAT 2004) est nomm&eacute; pour le C&eacute;sar 2015 du Meilleur Film d&#8217;Animation. Interview Julien Bisaro, r&eacute;alisateurs&hellip;<br class=\"bcnukro8ch6ntpqpa\"\/><br \/>\n                      &rarr; <a href=\"https:\/\/vimeo.com\/119943261\" target=\"_blank\">Voir l&#8217;interview&#8230;<\/a> <\/span>\n                 <\/td>\n<\/tr>\n<\/table><\/div>\n<p>            <a href=\"#\" rel=\"toggle[profs]\" data-openimage=\"images\/bandeaux\/bd_profs_up.gif\" data-closedimage=\"images\/bandeaux\/bd_profs.gif\"><img loading=\"lazy\" decoding=\"async\" src=\"https:\/\/www.esae.fr\/files\/images\/bandeaux\/bd_profs.gif\" width=\"620\" height=\"20\" border=\"0\"\/><\/a><\/p>\n<div id=\"profs\" style=\"width: 620px;\">\n<table width=\"600\" border=\"0\" cellpadding=\"0\" cellspacing=\"0\">\n<tr>\n<td class=\"tablebg\">\n<p class=\"bcnukro8ch6ntpqpa\"><span class=\"txt_actu\"><a href=\"http:\/\/www.crideslumieres.org\/a-la-une\/luneville-territoire-de-limage-2016.html\" target=\"_blank\"><img loading=\"lazy\" decoding=\"async\" src=\"https:\/\/www.esae.fr\/files\/actualites\/2016\/patjack2.jpg\" width=\"100\" height=\"100\" class=\"habillage\"\/><\/a>EXPOSITION<\/span><span class=\"titre_actu\"> | LE RAYON VERRE<\/span><br class=\"bcnukro8ch6ntpqpa\"\/><br \/>\n                      <span class=\"txt_actu\">Photographies de Patrick Jacques , \u00e0 la Halle \u00e0 Grains \u00e0 Lun\u00e9ville <br class=\"bcnukro8ch6ntpqpa\"\/><br \/>\n                      du<br \/>\n                      1e<\/span><span class=\"txt_actu\">r juillet au 18 septembre 2016<br class=\"bcnukro8ch6ntpqpa\"\/><br \/>\n                        &rarr; <a href=\"http:\/\/www.crideslumieres.org\/a-la-une\/luneville-territoire-de-limage-2016.html\" target=\"_blank\">http:\/\/www.crideslumieres.org\/<\/a><br \/>\n                    <\/span><\/p>\n<\/td>\n<\/tr>\n<tr>\n<td class=\"tablebg\"><span class=\"txt_actu\"><img loading=\"lazy\" decoding=\"async\" src=\"https:\/\/www.esae.fr\/files\/actualites\/2016\/patjack.jpg\" width=\"100\" height=\"100\" class=\"habillage\"\/>PARUTION<\/span><span class=\"titre_actu\"> | CHAMBRE D&#8217;OMBRE<\/span><br class=\"bcnukro8ch6ntpqpa\"\/><br \/>\n<span class=\"txt_actu\">&quot;Chambre d&#8217;ombre&quot; livre photo de Patrick Jacques (dessin\u00e9 par Cyril Dominger et avec une nouvelle de Julia Billet)<br class=\"bcnukro8ch6ntpqpa\"\/><br \/>\n                    &rarr; http:\/\/patjacklulu.wix.com\/patrick-jacques<br \/>\n                    <\/span><\/td>\n<\/tr>\n<tr>\n<td class=\"tablebg\"><span class=\"txt_actu\"><a href=\"http:\/\/www.editionsdupourquoipas.com\/\" target=\"_blank\"><img loading=\"lazy\" decoding=\"async\" src=\"https:\/\/www.esae.fr\/files\/actualites\/2016\/sauvage.jpg\" width=\"100\" height=\"100\" class=\"habillage\"\/><\/a>PARUTION<\/span><span class=\"titre_actu\"> | LE SAUVAGE &#038; 1+1=1 &#038; LE SAUVAGE<\/span><br class=\"bcnukro8ch6ntpqpa\"\/><br \/>\n<span class=\"txt_actu\">Un double album : 1+1=1 de Julia Billet et Le sauvage de Yves Marie Cl\u00e9ment, illustration de Cl\u00e9mence Dupont (ancienne \u00e9tudiante) \u00e9ditions du Pourquoi pas.<br class=\"bcnukro8ch6ntpqpa\"\/><br \/>\n                    &rarr; <a href=\"http:\/\/www.editionsdupourquoipas.com\/\" target=\"_blank\">http:\/\/www.editionsdupourquoipas.com\/<\/a><br \/>\n                    <\/span><\/td>\n<\/tr>\n<tr>\n<td class=\"tablebg\"><span class=\"txt_actu\"><a href=\"http:\/\/www.editionsdupourquoipas.com\/\" target=\"_blank\"><img loading=\"lazy\" decoding=\"async\" src=\"https:\/\/www.esae.fr\/files\/actualites\/2016\/vivre-libre.jpg\" width=\"100\" height=\"100\" class=\"habillage\"\/><\/a>PARUTION<\/span><span class=\"titre_actu\"> | VIVRE LIBRE<\/span><br class=\"bcnukro8ch6ntpqpa\"\/><br \/>\n<span class=\"txt_actu\">Un Album de nouvelles, de Nina Ferrer-Gleize, Ricardo Montserrat Galindo, Julia Billet, Cathy Ytak, Gilles Abier, Thomas Scotto, Francois David et H\u00e9l\u00e8ne Humbert,aux \u00e9ditions du Pourquoi pas.<br class=\"bcnukro8ch6ntpqpa\"\/><br \/>\n                    &rarr; <a href=\"http:\/\/www.editionsdupourquoipas.com\/\" target=\"_blank\">http:\/\/www.editionsdupourquoipas.com\/<\/a><a href=\"http:\/\/www.placeauxnouvelles.fr\/cris-de-guerres-de-julia-billet\/\" target=\"_blank\"><\/a><br \/>\n                    <\/span><\/td>\n<\/tr>\n<tr>\n<td class=\"tablebg\"><a href=\"https:\/\/www.esae.fr\/files\/actualites\/2016\/abdou_invit.jpg\" class=\"lightwindow page-options\"><img loading=\"lazy\" decoding=\"async\" src=\"https:\/\/www.esae.fr\/files\/actualites\/2016\/abdou.jpg\" width=\"100\" height=\"100\" border=\"0\" class=\"habillage\"\/><\/a><span class=\"titre_actu\"><span class=\"txt_actu\">EXPOSITION<\/span> | JARDINS<\/span><br class=\"bcnukro8ch6ntpqpa\"\/><br \/>\n                      <span class=\"txt_actu\">Exposition de l&#8217;atelier c&eacute;ramique pour adultes anim&eacute; par Abdelilah Chahboune<\/span><span class=\"txt_actu\"><br class=\"bcnukro8ch6ntpqpa\"\/><br \/>\n                      Vernissage jeudi 1er octore &agrave; 18h &agrave; l&#8217;ESAL<br class=\"bcnukro8ch6ntpqpa\"\/><br \/>\n                      Exposition du 2 au 14 octobre 2015<br class=\"bcnukro8ch6ntpqpa\"\/><br \/>\n                    &rarr; <a href=\"https:\/\/www.esae.fr\/files\/actualites\/2016\/abdou_invit.jpg\" class=\"lightwindow page-options\">Plus d&#8217;infos&#8230;<\/a><\/span>\n                    <\/td>\n<\/tr>\n<tr>\n<td class=\"tablebg\"><span class=\"txt_actu\"><a href=\"http:\/\/www.nanterre-amandiers.com\/2014-2015\/biopigs\/\" target=\"_blank\"><img loading=\"lazy\" decoding=\"async\" src=\"https:\/\/www.esae.fr\/files\/actualites\/2015\/biopigs.jpg\" width=\"100\" height=\"100\" class=\"habillage\"\/><\/a>SPECTACLE<\/span><span class=\"titre_actu\"> | BIOPIGS <\/span><br class=\"bcnukro8ch6ntpqpa\"\/><br \/>\n<span class=\"txt_actu\">Collaboration de <strong>Daniel Mestanza<\/strong> (sculpture) pour le spectacle de la Cie du Zerep (Sophie Perez &#038; Xavier Boussiron) <br class=\"bcnukro8ch6ntpqpa\"\/><br \/>\nTh&eacute;atre des Amandiers &agrave; Nanterre du 9 au 19 avril 2015<br class=\"bcnukro8ch6ntpqpa\"\/><br \/>\n                    &rarr; <a href=\"http:\/\/www.nanterre-amandiers.com\/2014-2015\/biopigs\/\" target=\"_blank\">http:\/\/www.nanterre-amandiers.com<\/a><br \/>\n                    <\/span><\/td>\n<\/tr>\n<\/table><\/div>\n<p>                <br class=\"bcnukro8ch6ntpqpa\"\/><br \/>\n                <img loading=\"lazy\" decoding=\"async\" src=\"https:\/\/www.esae.fr\/files\/images\/_blank.gif\" width=\"300\" height=\"21\"\/><br class=\"bcnukro8ch6ntpqpa\"\/><\/p>\n<table width=\"501\" border=\"0\" cellspacing=\"0\" cellpadding=\"0\">\n<tr>\n<td width=\"21\" valign=\"top\">\n<div align=\"right\"><img loading=\"lazy\" decoding=\"async\" src=\"https:\/\/www.esae.fr\/files\/images\/_blank.gif\" width=\"20\" height=\"110\"\/><\/div>\n<\/td>\n<td width=\"87\" valign=\"top\">\n<div align=\"right\"><a href=\"https:\/\/www.esae.fr\/files\/download\/depliant_esal-epinal.pdf\" target=\"_blank\"><img loading=\"lazy\" decoding=\"async\" src=\"https:\/\/www.esae.fr\/files\/download\/bouton_plaquette.png\" width=\"87\" height=\"110\" border=\"0\"\/><\/a><br class=\"bcnukro8ch6ntpqpa\"\/>\n                    <\/div>\n<\/td>\n<td width=\"21\" valign=\"top\">\n<div align=\"right\"><img loading=\"lazy\" decoding=\"async\" src=\"https:\/\/www.esae.fr\/files\/images\/_blank.gif\" width=\"20\" height=\"110\"\/><\/div>\n<\/td>\n<td width=\"87\" valign=\"top\">\n<div align=\"right\"><a href=\"https:\/\/www.esae.fr\/files\/download\/depliant_taxe_apprentissage.pdf\" target=\"_blank\"><img loading=\"lazy\" decoding=\"async\" src=\"https:\/\/www.esae.fr\/files\/download\/bouton_taxe2016.png\" width=\"87\" height=\"110\" border=\"0\"\/><\/a><br class=\"bcnukro8ch6ntpqpa\"\/>\n                    <\/div>\n<\/td>\n<td width=\"21\" valign=\"top\">\n<div align=\"right\"><img loading=\"lazy\" decoding=\"async\" src=\"https:\/\/www.esae.fr\/files\/images\/_blank.gif\" width=\"20\" height=\"110\"\/><\/div>\n<\/td>\n<td width=\"87\" valign=\"top\">\n<div align=\"right\"><br class=\"bcnukro8ch6ntpqpa\"\/>\n                    <\/div>\n<\/td>\n<td width=\"21\" valign=\"top\">\n<div align=\"right\"><img loading=\"lazy\" decoding=\"async\" src=\"https:\/\/www.esae.fr\/files\/images\/_blank.gif\" width=\"20\" height=\"110\"\/><\/div>\n<\/td>\n<td width=\"156\" valign=\"top\">\n<div align=\"right\"><br class=\"bcnukro8ch6ntpqpa\"\/>\n                    <\/div>\n<\/td>\n<\/tr>\n<\/table>\n<\/td>\n<\/tr>\n<\/table>\n<\/td>\n<\/tr>\n<tr>\n<td colspan=\"2\" valign=\"top\" bgcolor=\"#13110F\">\n<div align=\"right\"><span class=\"txt_actu\">15, rue des Jardiniers<br class=\"bcnukro8ch6ntpqpa\"\/><br \/>\n        88000 &Eacute;PINAL<br class=\"bcnukro8ch6ntpqpa\"\/><br \/>\n          <br class=\"bcnukro8ch6ntpqpa\"\/><br \/>\n        T&eacute;l : 03 29 68 50 66 <br class=\"bcnukro8ch6ntpqpa\"\/><br \/>\n        contact : epinal@esalorraine.fr<br class=\"bcnukro8ch6ntpqpa\"\/><br \/>\n        <br class=\"bcnukro8ch6ntpqpa\"\/><br \/>\n      <img loading=\"lazy\" decoding=\"async\" src=\"https:\/\/www.esae.fr\/files\/images\/logos.png\" width=\"211\" height=\"90\" border=\"0\"\/><\/span><\/div>\n<\/td>\n<\/tr>\n<\/table>\n<\/div>\n","protected":false,"raw":""},"excerpt":{"rendered":"<p>&#8211; &Eacute;quipe p&eacute;dagogique &#8211; Les intervenants &#8211; Projet de [&hellip;]<\/p>\n","protected":false},"author":0,"featured_media":0,"parent":0,"menu_order":0,"comment_status":"closed","ping_status":"closed","template":"template_10.php","meta":{"footnotes":""},"class_list":["post-6","page","type-page","status-publish","hentry"],"yoast_head":"<!-- This site is optimized with the Yoast SEO plugin v24.2 - https:\/\/yoast.com\/wordpress\/plugins\/seo\/ -->\n<title>ESAL - EPINAL<\/title>\n<meta name=\"robots\" content=\"index, follow, max-snippet:-1, max-image-preview:large, max-video-preview:-1\" \/>\n<link rel=\"canonical\" href=\"https:\/\/www.esae.fr\/actualites2016.html\" \/>\n<meta property=\"og:type\" content=\"article\" \/>\n<meta property=\"og:title\" content=\"ESAL - EPINAL\" \/>\n<meta property=\"og:description\" content=\"&#8211; &Eacute;quipe p&eacute;dagogique &#8211; Les intervenants &#8211; Projet de [&hellip;]\" \/>\n<meta property=\"og:url\" content=\"https:\/\/www.esae.fr\/actualites2016.html\" \/>\n<meta property=\"og:site_name\" content=\"ESAL - 2021\" \/>\n<meta name=\"twitter:card\" content=\"summary_large_image\" \/>\n<meta name=\"twitter:label1\" content=\"Est. reading time\" \/>\n\t<meta name=\"twitter:data1\" content=\"5 minutes\" \/>\n<!-- \/ Yoast SEO plugin. -->","yoast_head_json":{"title":"ESAL - EPINAL","robots":{"index":"index","follow":"follow","max-snippet":"max-snippet:-1","max-image-preview":"max-image-preview:large","max-video-preview":"max-video-preview:-1"},"canonical":"https:\/\/www.esae.fr\/actualites2016.html","og_type":"article","og_title":"ESAL - EPINAL","og_description":"&#8211; &Eacute;quipe p&eacute;dagogique &#8211; Les intervenants &#8211; Projet de [&hellip;]","og_url":"https:\/\/www.esae.fr\/actualites2016.html","og_site_name":"ESAL - 2021","twitter_card":"summary_large_image","twitter_misc":{"Est. reading time":"5 minutes"}},"_links":{"self":[{"href":"https:\/\/www.esae.fr\/index.php?rest_route=\/wp\/v2\/pages\/6","targetHints":{"allow":["GET"]}}],"collection":[{"href":"https:\/\/www.esae.fr\/index.php?rest_route=\/wp\/v2\/pages"}],"about":[{"href":"https:\/\/www.esae.fr\/index.php?rest_route=\/wp\/v2\/types\/page"}],"replies":[{"embeddable":true,"href":"https:\/\/www.esae.fr\/index.php?rest_route=%2Fwp%2Fv2%2Fcomments&post=6"}],"version-history":[{"count":0,"href":"https:\/\/www.esae.fr\/index.php?rest_route=\/wp\/v2\/pages\/6\/revisions"}],"wp:attachment":[{"href":"https:\/\/www.esae.fr\/index.php?rest_route=%2Fwp%2Fv2%2Fmedia&parent=6"}],"curies":[{"name":"wp","href":"https:\/\/api.w.org\/{rel}","templated":true}]}}