{"id":545,"date":"2026-04-13T14:28:04","date_gmt":"2026-04-13T14:28:04","guid":{"rendered":"http:\/\/esae.fr\/inscriptions-id-36\/"},"modified":"2026-04-13T14:28:04","modified_gmt":"2026-04-13T14:28:04","slug":"inscriptions-id-36","status":"publish","type":"page","link":"https:\/\/www.esae.fr\/inscriptions_id-36.html","title":{"rendered":"Inscriptions Id 36"},"content":{"rendered":"<div id=\"sommaire_esal\" class=\"sommaire_esal\">\n<div class=\"wrapper\">\n<div class=\"liste\">\n<h4><span id=\"surligne\">Actualit&eacute;s<\/span><\/h4>\n<ul>\n<li><a href=\"https:\/\/www.esae.fr\/actus_rub-ecole.html\" onclick=\"javascript:afficher_cacher('sommaire_esal');\">&#8211; Actualit&eacute;s de l&#8217;&eacute;cole<\/a><\/li>\n<li><a href=\"https:\/\/www.esae.fr\/actus_rub-etudiants.html\" onclick=\"javascript:afficher_cacher('sommaire_esal');\">&#8211; Actus des anciens &eacute;tudiants<\/a><\/li>\n<li><a href=\"https:\/\/www.esae.fr\/actus_rub-enseignants.html\" onclick=\"javascript:afficher_cacher('sommaire_esal');\">&#8211; Actus des enseignants <\/a><\/li>\n<li><a href=\"https:\/\/www.esae.fr\/actus_rub-newsletters.html\" onclick=\"javascript:afficher_cacher('sommaire_esal');\">&#8211; Newsletters <\/a><\/li>\n<\/ul><\/div>\n<div class=\"liste\">\n<h4><span id=\"surligne\">P&eacute;dagogie<\/span><\/h4>\n<ul>\n<li><a href=\"https:\/\/www.esae.fr\/pedagogie_id-2.html\" onclick=\"javascript:afficher_cacher('sommaire_esal');\">&#8211; &Eacute;quipe p&eacute;dagogique<\/a><\/li>\n<li><a href=\"https:\/\/www.esae.fr\/pedagogie_id-1.html\" onclick=\"javascript:afficher_cacher('sommaire_esal');\">&#8211; Les intervenants<\/a><\/li>\n<li><a href=\"https:\/\/www.esae.fr\/pedagogie_id-3.html\" onclick=\"javascript:afficher_cacher('sommaire_esal');\">&#8211; Projet de l&#8217;&eacute;cole<\/a><\/li>\n<li><a href=\"https:\/\/www.esae.fr\/pedagogie_id-4.html\" onclick=\"javascript:afficher_cacher('sommaire_esal');\">&#8211; Les enseignements<\/a><\/li>\n<li><a href=\"https:\/\/www.esae.fr\/pedagogie_id-55.html\" onclick=\"javascript:afficher_cacher('sommaire_esal');\">&#8211; Les perspectives&#8230;<\/a><\/li>\n<li><strong>Pr&eacute;cis de cours :<\/strong><br class=\"bcnukro8ch6ntpqpa\"\/><br \/>\n<a style=\"margin-left:50px;\" href=\"https:\/\/www.esae.fr\/pedagogie_id-14.html\" onclick=\"javascript:afficher_cacher('sommaire_esal');\">&ndash; Ann&eacute;e 1<\/a><br class=\"bcnukro8ch6ntpqpa\"\/><br \/>\n<a style=\"margin-left:50px;\" href=\"https:\/\/www.esae.fr\/pedagogie_id-29.html\" onclick=\"javascript:afficher_cacher('sommaire_esal');\">&ndash; Ann&eacute;e 2<\/a><br class=\"bcnukro8ch6ntpqpa\"\/><br \/>\n<a style=\"margin-left:50px;\" href=\"https:\/\/www.esae.fr\/pedagogie_id-42.html\" onclick=\"javascript:afficher_cacher('sommaire_esal');\">&ndash; Ann&eacute;e 3<\/a><\/li>\n<li><a href=\"https:\/\/www.esae.fr\/pedagogie_id-57.html\" onclick=\"javascript:afficher_cacher('sommaire_esal');\">&#8211; Calendrier &#038; planning<\/a><\/li>\n<li><a href=\"https:\/\/www.esae.fr\/pedagogie_id-58.html\" onclick=\"javascript:afficher_cacher('sommaire_esal');\">&#8211; Cours du soir<\/a><\/li>\n<li><a href=\"https:\/\/etudiant.archi.fr\/taiga\/etd\/index.php?ce=amtz\" target=\"_blank\" onclick=\"javascript:afficher_cacher('sommaire_esal');\">&rarr; Ta\u00efga &#8211; Portail Etudiants<\/a><\/li>\n<li><a href=\"https:\/\/enseignant.archi.fr\/taiga\/esn\/index.php?ce=amtz\" target=\"_blank\" onclick=\"javascript:afficher_cacher('sommaire_esal');\">&rarr; Ta\u00efga &#8211; Portail Enseignants<\/a><\/li>\n<\/ul><\/div>\n<div class=\"liste\">\n<h4><span id=\"surligne\">Images d&#8217;&eacute;cole<\/span><\/h4>\n<ul>\n<li><a href=\"https:\/\/www.esae.fr\/images_rubrique-editions.html\" onclick=\"javascript:afficher_cacher('sommaire_esal');\">&#8211; &Eacute;ditions<\/a><\/li>\n<li><a href=\"https:\/\/www.esae.fr\/images_rubrique-design-graphique.html\" onclick=\"javascript:afficher_cacher('sommaire_esal');\">&#8211; Design graphique<\/a><\/li>\n<li><a href=\"https:\/\/vimeo.com\/user90384037\" target=\"_blank\" onclick=\"javascript:afficher_cacher('sommaire_esal');\">&#8211; Image mouvement et animation<\/a><\/li>\n<li><a href=\"https:\/\/www.esae.fr\/images_rubrique-multimedia.html\" onclick=\"javascript:afficher_cacher('sommaire_esal');\">&#8211; Multim&eacute;dia<\/a><\/li>\n<li><a href=\"https:\/\/www.esae.fr\/images_rubrique-motion-design.html\" onclick=\"javascript:afficher_cacher('sommaire_esal');\">&#8211; Design mouvement<\/a><\/li>\n<li><a href=\"https:\/\/www.esae.fr\/images_rubrique-photographie.html\" onclick=\"javascript:afficher_cacher('sommaire_esal');\">&#8211; Photographie<\/a><\/li>\n<li><a href=\"https:\/\/www.esae.fr\/images_rubrique-evenementiel.html\" onclick=\"javascript:afficher_cacher('sommaire_esal');\">&#8211; &Eacute;v&eacute;nementiel<\/a><\/li>\n<li><a href=\"https:\/\/www.esae.fr\/images_rubrique-bureau-dessin.html\" onclick=\"javascript:afficher_cacher('sommaire_esal');\">&#8211; Le Bureau du Dessin<\/a><\/li>\n<li><a href=\"https:\/\/www.esae.fr\/images_rubrique-projets-dnat.html\" onclick=\"javascript:afficher_cacher('sommaire_esal');\">&#8211; Les projets DNAT<\/a><\/li>\n<\/ul><\/div>\n<div class=\"liste\">\n<h4><span id=\"surligne\">Les &eacute;tudiants<\/span><\/h4>\n<ul>\n<li><a href=\"https:\/\/www.esae.fr\/etudiants_id-39.html\" onclick=\"javascript:afficher_cacher('sommaire_esal');\">&#8211; Sites des &eacute;tudiants<\/a><\/li>\n<li><a href=\"https:\/\/www.esae.fr\/toolbox.html\" target=\"_blank\" onclick=\"javascript:afficher_cacher('sommaire_esal');\">&#8211; La bo&icirc;te &agrave; outils<\/a><\/li>\n<li><a href=\"https:\/\/www.esae.fr\/pedagogie_id-56.html\" onclick=\"javascript:afficher_cacher('sommaire_esal');\">&#8211; Publications des &eacute;saliens<\/a><\/li>\n<li><a href=\"http:\/\/www.etudiant-epinal.com\/\" target=\"_blank\" onclick=\"javascript:afficher_cacher('sommaire_esal');\"> <\/a><a href=\"https:\/\/www.facebook.com\/groups\/107749590637\/\" target=\"_blank\" onclick=\"javascript:afficher_cacher('sommaire_esal');\">&rarr; FaceBook<\/a><\/li>\n<\/ul><\/div>\n<div class=\"liste\">\n<h4><span id=\"surligne\">Inscriptions<\/span><\/h4>\n<ul>\n    <!--\n\n<li><a href=\"content.php?id=91\" onClick=\"javascript:afficher_cacher('sommaire_esal');\">- COVID19 nouvelles modalit\u00e9s<\/a><\/li>\n\n--><\/p>\n<li><a href=\"https:\/\/www.esae.fr\/inscriptions_id-31.html\" onclick=\"javascript:afficher_cacher('sommaire_esal');\">&#8211; Calendrier<\/a><\/li>\n<li><a href=\"https:\/\/www.esae.fr\/inscriptions_id-32.html\" onclick=\"javascript:afficher_cacher('sommaire_esal');\">&#8211; Inscription concours 1<sup>&egrave;re<\/sup> ann&eacute;e<\/a><\/li>\n<p>\t  <!--\n\n<li><a href=\"inscriptions.php?id=36\" onClick=\"javascript:afficher_cacher('sommaire_esal');\">- Modalit\u00e9s d'inscription pour les \u00e9tudiants admis au concours 20\/21<\/a><\/li>\n\n--><\/p>\n<li><a href=\"https:\/\/www.esae.fr\/inscriptions_id-33.html\" onclick=\"javascript:afficher_cacher('sommaire_esal');\">&#8211; Commission &eacute;quivalence<\/a><\/li>\n<li><a href=\"http:\/\/www.etudiant-epinal.com\/\" target=\"_blank\" onclick=\"javascript:afficher_cacher('sommaire_esal');\">&rarr; La vie &eacute;tudiante (AGSU)<\/a><\/li>\n<\/ul><\/div>\n<\/div>\n<p><script type=\"text\/javascript\">\n  \/\/<!--\n\t  afficher_cacher('sommaire_esal');\n  \/\/-->\n<\/script>\n<\/div>\n<div class=\"wrapper\">\n<div class=\"slider\" style=\"background-image:url(https:\/\/www.esae.fr\/files\/images\/fond14.jpg)\"><\/div>\n<div class=\"content\">\n<div class=\"fleches\"><span style=\"opacity:0.3;\"><img decoding=\"async\" title=\"ACTU SUIV.\" src=\"https:\/\/www.esae.fr\/files\/images\/_suiv.gif\"\/><\/span><\/div>\n<div class=\"fleches\"><a title=\"ACTU PR\u00c9C\u00c9DENTE\" href=\"https:\/\/www.esae.fr\/inscriptions_id-33.html\"><img decoding=\"async\" title=\"ACTU PR\u00c9C.\" src=\"https:\/\/www.esae.fr\/files\/images\/_prec.gif\"\/><\/a><\/div>\n<div class=\"fleches\"><a href=\"https:\/\/www.esae.fr\/index_php.html\"><img decoding=\"async\" title=\"ACCUEIL\" src=\"https:\/\/www.esae.fr\/files\/images\/_retour.gif\"\/><\/a><\/div>\n<div class=\"rubrique\">Inscriptions<\/div>\n<h3>Modalit\u00e9s d&#8217;inscription en 1\u00e8re ann\u00e9e pour les candidats admis au concours d&#8217;entr\u00e9e (rentr\u00e9e 2020\/2021)<\/h3>\n<p class=\"bcnukro8ch6ntpqpa\"><em><span class=\"fontstyle0\"><span class=\"fontstyle2\">Document t&eacute;l&eacute;chargeable ici : <a title=\"Modalit\u00e9s d'inscription en 1\u00e8re ann\u00e9e\" href=\"https:\/\/www.esae.fr\/download\/esal_inscription_a1_doc\" target=\"_blank\">Modalit&eacute;s d&#8217;inscription en 1&egrave;re ann&eacute;e<\/a><\/span><\/span><\/em><\/p>\n<p class=\"bcnukro8ch6ntpqpa\"><em><span class=\"fontstyle0\"><span class=\"fontstyle2\"><br class=\"bcnukro8ch6ntpqpa\"\/><\/span><\/span><\/em><\/p>\n<p><center><\/p>\n<p style=\"color: black; font-size: 20px;\"><span class=\"fontstyle0\"><span style=\"text-decoration: underline;\"><strong>DOCUMENTS&nbsp;<span class=\"st\">&Agrave;<\/span> FAIRE PARVENIR IMP<span class=\"st\">&Eacute;<\/span>RATIVEMENT AVANT LE 13 JUILLET 2020<\/strong><\/span><br class=\"bcnukro8ch6ntpqpa\"\/><\/span><\/p>\n<p><\/center><\/p>\n<p class=\"bcnukro8ch6ntpqpa\"><span class=\"fontstyle2\"><em><br class=\"bcnukro8ch6ntpqpa\"\/><\/em><\/span><\/p>\n<p class=\"bcnukro8ch6ntpqpa\"><span style=\"text-decoration: underline;\"><span class=\"fontstyle2\"><em><strong>Documents &agrave; adresser par courrier postal au secr&eacute;tariat&nbsp;:<\/strong><\/em><\/span><\/span><\/p>\n<p class=\"bcnukro8ch6ntpqpa\">&bull;&nbsp;Attestation d&rsquo;acquittement de la cotisation &agrave; la vie &eacute;tudiante (<strong><span style=\"text-decoration: underline;\">https:\/\/cvec.etudiant.gouv.fr<\/span><\/strong>)<br class=\"bcnukro8ch6ntpqpa\"\/>&bull;&nbsp;Coupon cotisations &eacute;dition imprim&eacute;e et achat mat&eacute;riel,<br class=\"bcnukro8ch6ntpqpa\"\/>&bull;&nbsp;Coupon frais d&rsquo;inscription (ch&egrave;que &agrave; l&rsquo;ordre de &#8220;R&eacute;gie de Recettes ESAL P&ocirc;le Arts Plastiques Epinal&#8221;),<br class=\"bcnukro8ch6ntpqpa\"\/>&bull; Le d&eacute;cret n&deg;2018-172 du 9 mars 2018 pr&eacute;voit que l&rsquo;inscription d&eacute;finitive des &eacute;tudiants en 1<sup>&egrave;re&nbsp;<\/sup>ann&eacute;e soit conditionn&eacute;e &agrave; la production :<\/p>\n<p class=\"bcnukro8ch6ntpqpa\">&#8211; d&rsquo;une attestation de d&eacute;mission de Parcoursup, fournie sur demande par la plateforme, &agrave; ceux qui auraient aussi &eacute;mis initialement des v&oelig;ux via Parcoursup et sortiront de la proc&eacute;dure,<br class=\"bcnukro8ch6ntpqpa\"\/>&#8211; ou d&rsquo;une attestation de non-inscription sur Parcoursup fournie sur demande &agrave; ceux qui n&rsquo;auraient pas &eacute;mis de v&oelig;ux sur celle-ci.<\/p>\n<p class=\"bcnukro8ch6ntpqpa\">&bull;&nbsp;Copie de l&rsquo;attestation de l&rsquo;assurance Responsabilit&eacute; Civile,<br class=\"bcnukro8ch6ntpqpa\"\/>&bull;&nbsp;Certificat de participation (journ&eacute;e d&rsquo;appel de pr&eacute;paration &agrave; la d&eacute;fense),<br class=\"bcnukro8ch6ntpqpa\"\/>&bull;&nbsp;1 photo d&rsquo;identit&eacute;,<br class=\"bcnukro8ch6ntpqpa\"\/>&bull;&nbsp;Coupon de non inscription en cas de d&eacute;sistement,<br class=\"bcnukro8ch6ntpqpa\"\/>&bull;&nbsp;Notification de bourse pour les boursiers pour l&rsquo;ann&eacute;e 2020\/2021 (&agrave; envoyer obligatoirement d&egrave;s qu&rsquo;elle sera en votre possession pour validation par l&rsquo;&eacute;tablissement),<\/p>\n<p class=\"bcnukro8ch6ntpqpa\"><span style=\"text-decoration: underline;\"><span class=\"fontstyle2 habillage\"><span class=\"fontstyle0\"><span class=\"fontstyle0\"><em><strong><span class=\"fontstyle0\"><br class=\"bcnukro8ch6ntpqpa\"\/><\/span><\/strong><\/em><\/span><\/span><\/span><\/span><\/p>\n<p class=\"bcnukro8ch6ntpqpa\"><span class=\"fontstyle2 habillage\"><span class=\"fontstyle0\"><span class=\"fontstyle0\"><em><strong><span style=\"text-decoration: underline;\"><span class=\"fontstyle0\">Rentr&eacute;e scolaire <\/span><\/span><span class=\"fontstyle2\"><span style=\"text-decoration: underline;\">:<\/span> <\/span><\/strong><\/em><\/span><\/span><\/span><\/p>\n<p><center><\/p>\n<p style=\"color: black; font-size: 28px;\"><em><strong><span class=\"bcnukro8ch6ntpqpa\">LUNDI 21 SEPTEMBRE 2020 &agrave; 9h<\/span><\/strong><\/em><\/p>\n<p><\/center><\/p>\n<p class=\"bcnukro8ch6ntpqpa\"><span style=\"text-decoration: underline;\"><em style=\"fontsize: 1.8em;\"><strong><span class=\"fontstyle0\"><br class=\"bcnukro8ch6ntpqpa\"\/><\/span><\/strong><\/em><\/span><\/p>\n<p class=\"bcnukro8ch6ntpqpa\"><span style=\"text-decoration: underline;\"><em style=\"fontsize: 1.8em;\"><strong><span class=\"fontstyle0\">Droits d&rsquo;inscription :<\/span><\/strong><\/em><\/span><\/p>\n<p class=\"bcnukro8ch6ntpqpa\"><span style=\"text-decoration: underline;\"><em style=\"fontsize: 1.8em;\"><strong><span class=\"fontstyle0\"><br class=\"bcnukro8ch6ntpqpa\"\/><\/span><\/strong><\/em><\/span><span class=\"fontstyle0\"><span class=\"fontstyle0\"><span class=\"bcnukro8ch6ntpqpa\">Les tarifs d&rsquo;inscription pour l&rsquo;ann&eacute;e scolaire 2020\/2021 sont de 430 euros si l&rsquo;&eacute;tudiant prend une chambre universitaire ou un appartement sur la Communaut&eacute; d&rsquo;agglom&eacute;ration d&rsquo;&Eacute;pinal. Pour les autres communes les frais s&rsquo;&eacute;l&egrave;vent &agrave; 740 euros. Ces frais sont &agrave; envoyer avant le&nbsp;<span style=\"text-decoration: underline;\">13 juillet 2020<\/span>&nbsp;avec le reste du dossier sous forme de ch&egrave;que &agrave; l&rsquo;ordre de <\/span><span class=\"bcnukro8ch6ntpqpa\">&#8220;R&eacute;gie de Recettes ESAL P&ocirc;le Arts Plastiques Epinal&#8221;<\/span><span class=\"bcnukro8ch6ntpqpa\">.&nbsp;<span style=\"text-decoration: underline;\">Un justificatif de domicile devra nous &ecirc;tre fourni d&egrave;s que vous serez en possession d&rsquo;une chambre ou un appartement (&agrave; faire parvenir par courrier<\/span>).<\/span>.<\/span><\/span><\/p>\n<p class=\"bcnukro8ch6ntpqpa\"><span class=\"fontstyle0\"><span class=\"fontstyle0\"><br class=\"bcnukro8ch6ntpqpa\"\/><\/span><strong><span class=\"fontstyle2\">Pour tout d&eacute;sistement de votre part, aucun remboursement de frais (inscription,&nbsp; assurance&hellip;) ne sera effectu&eacute; (sauf non obtention du baccalaur&eacute;at).<\/span><\/strong><\/span><\/p>\n<p class=\"bcnukro8ch6ntpqpa\"><span class=\"fontstyle0\"><span class=\"fontstyle2\"><br class=\"bcnukro8ch6ntpqpa\"\/><\/span><\/span><\/p>\n<p class=\"bcnukro8ch6ntpqpa\"><span class=\"fontstyle0\"><span class=\"fontstyle3\"><span style=\"text-decoration: underline;\"><strong><em>Logement <br class=\"bcnukro8ch6ntpqpa\"\/><\/em><\/strong><\/span><\/span><\/span><\/p>\n<p class=\"bcnukro8ch6ntpqpa\"><span class=\"fontstyle0\"><span class=\"fontstyle3\"><br class=\"bcnukro8ch6ntpqpa\"\/><\/span><span class=\"fontstyle0\" style=\"font-size: 12pt;\">Pour toute demande de chambre universitaire, merci de contacter la maison de l&rsquo;&eacute;tudiant (AGSU) :<br class=\"bcnukro8ch6ntpqpa\"\/>Espace Louvi&egrave;re &#8211; 88000 &Eacute;PINAL<br class=\"bcnukro8ch6ntpqpa\"\/>03 29 64 14 40<br class=\"bcnukro8ch6ntpqpa\"\/><\/span><span class=\"fontstyle0\" style=\"color: #0563c1; font-size: 12pt;\"><a title=\"www.etudiant-epinal.com\" href=\"http:\/\/www.etudiant-epinal.com\/\" target=\"_blank\">www.etudiant-epinal.com<\/a><br class=\"bcnukro8ch6ntpqpa\"\/><a title=\"info@etudiant-epinal.com\" href=\"mailto:info@etudiant-epinal.com\" target=\"_blank\">info@etudiant-epinal.com<\/a><br class=\"bcnukro8ch6ntpqpa\"\/><\/span><span class=\"fontstyle2\">Tout dossier incomplet sera rejet&eacute;.<\/span> <\/span><\/p>\n<\/p><\/div>\n<\/div>\n<div class=\"visuels gallery\">\n<\/div>\n","protected":false,"raw":""},"excerpt":{"rendered":"<p>Actualit&eacute;s &#8211; Actualit&eacute;s de l&#8217;&eacute;cole &#8211; Actus des anciens [&hellip;]<\/p>\n","protected":false},"author":0,"featured_media":0,"parent":0,"menu_order":0,"comment_status":"closed","ping_status":"closed","template":"","meta":{"footnotes":""},"class_list":["post-545","page","type-page","status-publish","hentry"],"yoast_head":"<!-- This site is optimized with the Yoast SEO plugin v24.2 - https:\/\/yoast.com\/wordpress\/plugins\/seo\/ -->\n<title>Inscriptions Id 36<\/title>\n<meta name=\"robots\" content=\"index, follow, max-snippet:-1, max-image-preview:large, max-video-preview:-1\" \/>\n<link rel=\"canonical\" href=\"https:\/\/www.esae.fr\/inscriptions_id-36.html\" \/>\n<meta property=\"og:type\" content=\"article\" \/>\n<meta property=\"og:title\" content=\"Inscriptions Id 36\" \/>\n<meta property=\"og:description\" content=\"Actualit&eacute;s &#8211; Actualit&eacute;s de l&#8217;&eacute;cole &#8211; Actus des anciens [&hellip;]\" \/>\n<meta property=\"og:url\" content=\"https:\/\/www.esae.fr\/inscriptions_id-36.html\" \/>\n<meta property=\"og:site_name\" content=\"ESAL - 2021\" \/>\n<meta name=\"twitter:card\" content=\"summary_large_image\" \/>\n<meta name=\"twitter:label1\" content=\"Est. reading time\" \/>\n\t<meta name=\"twitter:data1\" content=\"3 minutes\" \/>\n<!-- \/ Yoast SEO plugin. -->","yoast_head_json":{"title":"Inscriptions Id 36","robots":{"index":"index","follow":"follow","max-snippet":"max-snippet:-1","max-image-preview":"max-image-preview:large","max-video-preview":"max-video-preview:-1"},"canonical":"https:\/\/www.esae.fr\/inscriptions_id-36.html","og_type":"article","og_title":"Inscriptions Id 36","og_description":"Actualit&eacute;s &#8211; Actualit&eacute;s de l&#8217;&eacute;cole &#8211; Actus des anciens [&hellip;]","og_url":"https:\/\/www.esae.fr\/inscriptions_id-36.html","og_site_name":"ESAL - 2021","twitter_card":"summary_large_image","twitter_misc":{"Est. reading time":"3 minutes"}},"_links":{"self":[{"href":"https:\/\/www.esae.fr\/index.php?rest_route=\/wp\/v2\/pages\/545","targetHints":{"allow":["GET"]}}],"collection":[{"href":"https:\/\/www.esae.fr\/index.php?rest_route=\/wp\/v2\/pages"}],"about":[{"href":"https:\/\/www.esae.fr\/index.php?rest_route=\/wp\/v2\/types\/page"}],"replies":[{"embeddable":true,"href":"https:\/\/www.esae.fr\/index.php?rest_route=%2Fwp%2Fv2%2Fcomments&post=545"}],"version-history":[{"count":0,"href":"https:\/\/www.esae.fr\/index.php?rest_route=\/wp\/v2\/pages\/545\/revisions"}],"wp:attachment":[{"href":"https:\/\/www.esae.fr\/index.php?rest_route=%2Fwp%2Fv2%2Fmedia&parent=545"}],"curies":[{"name":"wp","href":"https:\/\/api.w.org\/{rel}","templated":true}]}}