{"id":41,"date":"2026-04-13T14:26:38","date_gmt":"2026-04-13T14:26:38","guid":{"rendered":"http:\/\/esae.fr\/content-id-123\/"},"modified":"2026-04-13T14:26:38","modified_gmt":"2026-04-13T14:26:38","slug":"content-id-123","status":"publish","type":"page","link":"https:\/\/www.esae.fr\/content_id-123.html","title":{"rendered":"Content Id 123"},"content":{"rendered":"<div id=\"sommaire_esal\" class=\"sommaire_esal\">\n<div class=\"wrapper\">\n<div class=\"liste\">\n<h4><span id=\"surligne\">Actualit&eacute;s<\/span><\/h4>\n<ul>\n<li><a href=\"https:\/\/www.esae.fr\/actus_rub-ecole.html\" onclick=\"javascript:afficher_cacher('sommaire_esal');\">&#8211; Actualit&eacute;s de l&#8217;&eacute;cole<\/a><\/li>\n<li><a href=\"https:\/\/www.esae.fr\/actus_rub-etudiants.html\" onclick=\"javascript:afficher_cacher('sommaire_esal');\">&#8211; Actus des anciens &eacute;tudiants<\/a><\/li>\n<li><a href=\"https:\/\/www.esae.fr\/actus_rub-enseignants.html\" onclick=\"javascript:afficher_cacher('sommaire_esal');\">&#8211; Actus des enseignants <\/a><\/li>\n<li><a href=\"https:\/\/www.esae.fr\/actus_rub-newsletters.html\" onclick=\"javascript:afficher_cacher('sommaire_esal');\">&#8211; Newsletters <\/a><\/li>\n<\/ul><\/div>\n<div class=\"liste\">\n<h4><span id=\"surligne\">P&eacute;dagogie<\/span><\/h4>\n<ul>\n<li><a href=\"https:\/\/www.esae.fr\/pedagogie_id-2.html\" onclick=\"javascript:afficher_cacher('sommaire_esal');\">&#8211; &Eacute;quipe p&eacute;dagogique<\/a><\/li>\n<li><a href=\"https:\/\/www.esae.fr\/pedagogie_id-1.html\" onclick=\"javascript:afficher_cacher('sommaire_esal');\">&#8211; Les intervenants<\/a><\/li>\n<li><a href=\"https:\/\/www.esae.fr\/pedagogie_id-3.html\" onclick=\"javascript:afficher_cacher('sommaire_esal');\">&#8211; Projet de l&#8217;&eacute;cole<\/a><\/li>\n<li><a href=\"https:\/\/www.esae.fr\/pedagogie_id-4.html\" onclick=\"javascript:afficher_cacher('sommaire_esal');\">&#8211; Les enseignements<\/a><\/li>\n<li><a href=\"https:\/\/www.esae.fr\/pedagogie_id-55.html\" onclick=\"javascript:afficher_cacher('sommaire_esal');\">&#8211; Les perspectives&#8230;<\/a><\/li>\n<li><strong>Pr&eacute;cis de cours :<\/strong><br class=\"bcnukro8ch6ntpqpa\"\/><br \/>\n<a style=\"margin-left:50px;\" href=\"https:\/\/www.esae.fr\/pedagogie_id-14.html\" onclick=\"javascript:afficher_cacher('sommaire_esal');\">&ndash; Ann&eacute;e 1<\/a><br class=\"bcnukro8ch6ntpqpa\"\/><br \/>\n<a style=\"margin-left:50px;\" href=\"https:\/\/www.esae.fr\/pedagogie_id-29.html\" onclick=\"javascript:afficher_cacher('sommaire_esal');\">&ndash; Ann&eacute;e 2<\/a><br class=\"bcnukro8ch6ntpqpa\"\/><br \/>\n<a style=\"margin-left:50px;\" href=\"https:\/\/www.esae.fr\/pedagogie_id-42.html\" onclick=\"javascript:afficher_cacher('sommaire_esal');\">&ndash; Ann&eacute;e 3<\/a><\/li>\n<li><a href=\"https:\/\/www.esae.fr\/pedagogie_id-57.html\" onclick=\"javascript:afficher_cacher('sommaire_esal');\">&#8211; Calendrier &#038; planning<\/a><\/li>\n<li><a href=\"https:\/\/www.esae.fr\/pedagogie_id-58.html\" onclick=\"javascript:afficher_cacher('sommaire_esal');\">&#8211; Cours du soir<\/a><\/li>\n<li><a href=\"https:\/\/etudiant.archi.fr\/taiga\/etd\/index.php?ce=amtz\" target=\"_blank\" onclick=\"javascript:afficher_cacher('sommaire_esal');\">&rarr; Ta\u00efga &#8211; Portail Etudiants<\/a><\/li>\n<li><a href=\"https:\/\/enseignant.archi.fr\/taiga\/esn\/index.php?ce=amtz\" target=\"_blank\" onclick=\"javascript:afficher_cacher('sommaire_esal');\">&rarr; Ta\u00efga &#8211; Portail Enseignants<\/a><\/li>\n<\/ul><\/div>\n<div class=\"liste\">\n<h4><span id=\"surligne\">Images d&#8217;&eacute;cole<\/span><\/h4>\n<ul>\n<li><a href=\"https:\/\/www.esae.fr\/images_rubrique-editions.html\" onclick=\"javascript:afficher_cacher('sommaire_esal');\">&#8211; &Eacute;ditions<\/a><\/li>\n<li><a href=\"https:\/\/www.esae.fr\/images_rubrique-design-graphique.html\" onclick=\"javascript:afficher_cacher('sommaire_esal');\">&#8211; Design graphique<\/a><\/li>\n<li><a href=\"https:\/\/vimeo.com\/user90384037\" target=\"_blank\" onclick=\"javascript:afficher_cacher('sommaire_esal');\">&#8211; Image mouvement et animation<\/a><\/li>\n<li><a href=\"https:\/\/www.esae.fr\/images_rubrique-multimedia.html\" onclick=\"javascript:afficher_cacher('sommaire_esal');\">&#8211; Multim&eacute;dia<\/a><\/li>\n<li><a href=\"https:\/\/www.esae.fr\/images_rubrique-motion-design.html\" onclick=\"javascript:afficher_cacher('sommaire_esal');\">&#8211; Design mouvement<\/a><\/li>\n<li><a href=\"https:\/\/www.esae.fr\/images_rubrique-photographie.html\" onclick=\"javascript:afficher_cacher('sommaire_esal');\">&#8211; Photographie<\/a><\/li>\n<li><a href=\"https:\/\/www.esae.fr\/images_rubrique-evenementiel.html\" onclick=\"javascript:afficher_cacher('sommaire_esal');\">&#8211; &Eacute;v&eacute;nementiel<\/a><\/li>\n<li><a href=\"https:\/\/www.esae.fr\/images_rubrique-bureau-dessin.html\" onclick=\"javascript:afficher_cacher('sommaire_esal');\">&#8211; Le Bureau du Dessin<\/a><\/li>\n<li><a href=\"https:\/\/www.esae.fr\/images_rubrique-projets-dnat.html\" onclick=\"javascript:afficher_cacher('sommaire_esal');\">&#8211; Les projets DNAT<\/a><\/li>\n<\/ul><\/div>\n<div class=\"liste\">\n<h4><span id=\"surligne\">Les &eacute;tudiants<\/span><\/h4>\n<ul>\n<li><a href=\"https:\/\/www.esae.fr\/etudiants_id-39.html\" onclick=\"javascript:afficher_cacher('sommaire_esal');\">&#8211; Sites des &eacute;tudiants<\/a><\/li>\n<li><a href=\"https:\/\/www.esae.fr\/toolbox.html\" target=\"_blank\" onclick=\"javascript:afficher_cacher('sommaire_esal');\">&#8211; La bo&icirc;te &agrave; outils<\/a><\/li>\n<li><a href=\"https:\/\/www.esae.fr\/pedagogie_id-56.html\" onclick=\"javascript:afficher_cacher('sommaire_esal');\">&#8211; Publications des &eacute;saliens<\/a><\/li>\n<li><a href=\"http:\/\/www.etudiant-epinal.com\/\" target=\"_blank\" onclick=\"javascript:afficher_cacher('sommaire_esal');\"> <\/a><a href=\"https:\/\/www.facebook.com\/groups\/107749590637\/\" target=\"_blank\" onclick=\"javascript:afficher_cacher('sommaire_esal');\">&rarr; FaceBook<\/a><\/li>\n<\/ul><\/div>\n<div class=\"liste\">\n<h4><span id=\"surligne\">Inscriptions<\/span><\/h4>\n<ul>\n    <!--\n\n<li><a href=\"content.php?id=91\" onClick=\"javascript:afficher_cacher('sommaire_esal');\">- COVID19 nouvelles modalit\u00e9s<\/a><\/li>\n\n--><\/p>\n<li><a href=\"https:\/\/www.esae.fr\/inscriptions_id-31.html\" onclick=\"javascript:afficher_cacher('sommaire_esal');\">&#8211; Calendrier<\/a><\/li>\n<li><a href=\"https:\/\/www.esae.fr\/inscriptions_id-32.html\" onclick=\"javascript:afficher_cacher('sommaire_esal');\">&#8211; Inscription concours 1<sup>&egrave;re<\/sup> ann&eacute;e<\/a><\/li>\n<p>\t  <!--\n\n<li><a href=\"inscriptions.php?id=36\" onClick=\"javascript:afficher_cacher('sommaire_esal');\">- Modalit\u00e9s d'inscription pour les \u00e9tudiants admis au concours 20\/21<\/a><\/li>\n\n--><\/p>\n<li><a href=\"https:\/\/www.esae.fr\/inscriptions_id-33.html\" onclick=\"javascript:afficher_cacher('sommaire_esal');\">&#8211; Commission &eacute;quivalence<\/a><\/li>\n<li><a href=\"http:\/\/www.etudiant-epinal.com\/\" target=\"_blank\" onclick=\"javascript:afficher_cacher('sommaire_esal');\">&rarr; La vie &eacute;tudiante (AGSU)<\/a><\/li>\n<\/ul><\/div>\n<\/div>\n<p><script type=\"text\/javascript\">\n  \/\/<!--\n\t  afficher_cacher('sommaire_esal');\n  \/\/-->\n<\/script>\n<\/div>\n<div class=\"wrapper\">\n<div class=\"slider\" style=\"background-image:url(http:\/\/www.esae.fr\/actus\/123\/emma_guinot.jpg);\" \"><\/div>\n<div class=\"content\">\n<div class=\"fleches\"><a title=\"ACTU SUIVANTE\" href=\"https:\/\/www.esae.fr\/content_id-118.html\"><img decoding=\"async\" title=\"ACTU SUIV.\" src=\"https:\/\/www.esae.fr\/files\/images\/_suiv.gif\"\/><\/a><\/div>\n<div class=\"fleches\"><a title=\"ACTU PR\u00c9C\u00c9DENTE\" href=\"https:\/\/www.esae.fr\/content_id-122.html\"><img decoding=\"async\" title=\"ACTU PR\u00c9C.\" src=\"https:\/\/www.esae.fr\/files\/images\/_prec.gif\"\/><\/a><\/div>\n<div class=\"fleches\"><a href=\"https:\/\/www.esae.fr\/index_php.html\"><img decoding=\"async\" title=\"ACCUEIL\" src=\"https:\/\/www.esae.fr\/files\/images\/_retour.gif\"\/><\/a><\/div>\n<div class=\"rubrique\">13\u00e8me \u00e9dition de Cr\u00e9ajeune<\/div>\n<h3>Deux \u00e9tudiant.e.s Laur\u00e9at.e.s<\/h3>\n<p class=\"bcnukro8ch6ntpqpa\">Lors de sa 13e &eacute;dition, le concours de films transfrontaliers <a href=\"http:\/\/www.creajeune.eu\/\">Cr&eacute;ajeune<\/a> a invit&eacute; tous les jeunes cin&eacute;astes amateurs de la Grande R&eacute;gion &agrave; participer et leur a propos&eacute; un forum pour pr&eacute;senter leurs films &agrave; un large public. Vous pouvez retrouver <a href=\"https:\/\/www.facebook.com\/creajeune\/live\">la remise des prix <\/a>en ligne ici.<\/p>\n<p class=\"bcnukro8ch6ntpqpa\">Dans le cadre de leur cours d&#8217;adaptation, les &eacute;tudiant.e.s de DNA2 de l&#8217;ann&eacute;e pass&eacute;e ont pu travailler sur la r&eacute;alisation d&#8217;un film d&#8217;animation. Certain.e.s pr&eacute;sent&eacute;.e.s au concours se sont vu.e.s r&eacute;compens&eacute;.e.s par la qualit&eacute; de leurs travaux : Anouk Alliot a vu son film <a href=\"https:\/\/vimeo.com\/433688618\"><em>Le nez<\/em> <\/a>de s&eacute;lectionn&eacute;, Seunghee Choi a re&ccedil;u la mention sp&eacute;ciale pour <a href=\"https:\/\/vimeo.com\/chousunny\">Pas de malentendu <\/a>et Emma Guinot a re&ccedil;u le prix du meilleur film pour son court&nbsp;m&eacute;trage&nbsp;<a href=\"https:\/\/vimeo.com\/433700386\">Dans la ville<\/a>.<\/p>\n<\/p><\/div>\n<\/div>\n<div class=\"visuels gallery\">\n<a href=\"#\"><\/a><a href=\"#\"><\/a><a href=\"#\"><\/a><\/div>\n","protected":false,"raw":""},"excerpt":{"rendered":"<p>Actualit&eacute;s &#8211; Actualit&eacute;s de l&#8217;&eacute;cole &#8211; Actus des anciens [&hellip;]<\/p>\n","protected":false},"author":0,"featured_media":0,"parent":0,"menu_order":0,"comment_status":"closed","ping_status":"closed","template":"","meta":{"footnotes":""},"class_list":["post-41","page","type-page","status-publish","hentry"],"yoast_head":"<!-- This site is optimized with the Yoast SEO plugin v24.2 - https:\/\/yoast.com\/wordpress\/plugins\/seo\/ -->\n<title>Content Id 123<\/title>\n<meta name=\"robots\" content=\"index, follow, max-snippet:-1, max-image-preview:large, max-video-preview:-1\" \/>\n<link rel=\"canonical\" href=\"https:\/\/www.esae.fr\/content_id-123.html\" \/>\n<meta property=\"og:type\" content=\"article\" \/>\n<meta property=\"og:title\" content=\"Content Id 123\" \/>\n<meta property=\"og:description\" content=\"Actualit&eacute;s &#8211; Actualit&eacute;s de l&#8217;&eacute;cole &#8211; Actus des anciens [&hellip;]\" \/>\n<meta property=\"og:url\" content=\"https:\/\/www.esae.fr\/content_id-123.html\" \/>\n<meta property=\"og:site_name\" content=\"ESAL - 2021\" \/>\n<meta name=\"twitter:card\" content=\"summary_large_image\" \/>\n<meta name=\"twitter:label1\" content=\"Est. reading time\" \/>\n\t<meta name=\"twitter:data1\" content=\"1 minute\" \/>\n<!-- \/ Yoast SEO plugin. -->","yoast_head_json":{"title":"Content Id 123","robots":{"index":"index","follow":"follow","max-snippet":"max-snippet:-1","max-image-preview":"max-image-preview:large","max-video-preview":"max-video-preview:-1"},"canonical":"https:\/\/www.esae.fr\/content_id-123.html","og_type":"article","og_title":"Content Id 123","og_description":"Actualit&eacute;s &#8211; Actualit&eacute;s de l&#8217;&eacute;cole &#8211; Actus des anciens [&hellip;]","og_url":"https:\/\/www.esae.fr\/content_id-123.html","og_site_name":"ESAL - 2021","twitter_card":"summary_large_image","twitter_misc":{"Est. reading time":"1 minute"}},"_links":{"self":[{"href":"https:\/\/www.esae.fr\/index.php?rest_route=\/wp\/v2\/pages\/41","targetHints":{"allow":["GET"]}}],"collection":[{"href":"https:\/\/www.esae.fr\/index.php?rest_route=\/wp\/v2\/pages"}],"about":[{"href":"https:\/\/www.esae.fr\/index.php?rest_route=\/wp\/v2\/types\/page"}],"replies":[{"embeddable":true,"href":"https:\/\/www.esae.fr\/index.php?rest_route=%2Fwp%2Fv2%2Fcomments&post=41"}],"version-history":[{"count":0,"href":"https:\/\/www.esae.fr\/index.php?rest_route=\/wp\/v2\/pages\/41\/revisions"}],"wp:attachment":[{"href":"https:\/\/www.esae.fr\/index.php?rest_route=%2Fwp%2Fv2%2Fmedia&parent=41"}],"curies":[{"name":"wp","href":"https:\/\/api.w.org\/{rel}","templated":true}]}}