{"id":3,"date":"2026-04-13T14:26:27","date_gmt":"2026-04-13T14:26:27","guid":{"rendered":"http:\/\/esae.fr\/plateforme\/"},"modified":"2026-04-13T14:26:27","modified_gmt":"2026-04-13T14:26:27","slug":"plateforme","status":"publish","type":"page","link":"https:\/\/www.esae.fr\/actualites\/2016\/plateforme.html","title":{"rendered":"Plateforme"},"content":{"rendered":"<div class=\"wrapper\">\n<p class=\"bcnukro8ch6ntpqpa\"><span class=\"titre_actu\">Inauguration de la plate-forme animation et design-mouvement<\/span><br class=\"bcnukro8ch6ntpqpa\"\/>\n  <\/p>\n<p class=\"s-titre_actu\">L\u2019Ecole Sup\u00e9rieure d\u2019Art de Lorraine a inaugur\u00e9 le 5 novembre 2015 une plate-forme animation et design-mouvement.<br class=\"bcnukro8ch6ntpqpa\"\/><br \/>\n  Ce projet, soutenu par des fonds europ\u00e9ens (Feder 2007-2013), comprenait le r\u00e9am\u00e9nagement du sous-sol de l\u2019\u00e9cole et l\u2019acquisition de mat\u00e9riel pour y d\u00e9velopper une p\u00e9dagogie autour de l\u2019animation.<br class=\"bcnukro8ch6ntpqpa\"\/><br \/>\n    <br class=\"bcnukro8ch6ntpqpa\"\/><br \/>\n  Trois espaces connect\u00e9s d\u00e9di\u00e9s \u00e0 l\u2019image et un espace d\u00e9di\u00e9 au son (de la prise de son au mixage) vont permettre aux \u00e9tudiants d\u2019exp\u00e9rimenter et de mettre en \u0153uvre, avec un mat\u00e9riel professionnel, des projets multim\u00e9dias.<\/p>\n<p class=\"s-titre_actu\"><br class=\"bcnukro8ch6ntpqpa\"\/><br \/>\n    <br class=\"bcnukro8ch6ntpqpa\"\/><br \/>\n    L\u2019un des espaces abrite un banc-titre d\u2019animation donn\u00e9 par l\u2019Imagerie Pellerin \u00e0 l\u2019\u00e9cole dans les ann\u00e9es 70 et identique \u00e0 ceux qu\u2019utilisaient les studios Disney \u00e0 la m\u00eame \u00e9poque. Ce mat\u00e9riel a \u00e9t\u00e9 \u00e0 l\u2019origine du d\u00e9veloppement d\u2019un enseignement de la vid\u00e9o que l\u2019\u00e9cole d\u2019Epinal a \u00e9t\u00e9 l\u2019une des premi\u00e8res \u00e0 proposer en France. Dans le cadre de ce projet, il a b\u00e9n\u00e9fici\u00e9 de travaux d\u2019adaptation afin d\u2019\u00eatre remis en service.<br class=\"bcnukro8ch6ntpqpa\"\/><br \/>\n  Ces nouveaux espaces vont donc mettre \u00e0 la disposition des \u00e9tudiants, sur un m\u00eame plateau, diff\u00e9rentes g\u00e9n\u00e9ration d\u2019outils de cr\u00e9ation d\u2019images anim\u00e9es, des plus anciens aux plus r\u00e9cents.<\/p>\n<p class=\"s-titre_actu\"><br class=\"bcnukro8ch6ntpqpa\"\/><br \/>\n    <br class=\"bcnukro8ch6ntpqpa\"\/><br \/>\n  Les partenariats qui vont \u00eatre d\u00e9velopp\u00e9s notamment avec le cluster d\u2019entreprises \u00ab P\u00f4le Image \u00bb seront un vecteur de renforcement de la professionnalisation des \u00e9tudiants.  <\/p>\n<p class=\"s-titre_actu\">\n<p class=\"s-titre_actu\">\n<p class=\"s-titre_actu\">\n<p class=\"s-titre_actu\">\n<\/div>\n","protected":false,"raw":""},"excerpt":{"rendered":"<p>Inauguration de la plate-forme animation et design-mouvement L\u2019Ecole Sup\u00e9rieure [&hellip;]<\/p>\n","protected":false},"author":0,"featured_media":0,"parent":0,"menu_order":0,"comment_status":"closed","ping_status":"closed","template":"template_2.php","meta":{"footnotes":""},"class_list":["post-3","page","type-page","status-publish","hentry"],"yoast_head":"<!-- This site is optimized with the Yoast SEO plugin v24.2 - https:\/\/yoast.com\/wordpress\/plugins\/seo\/ -->\n<title>Inauguration plateforme<\/title>\n<meta name=\"robots\" content=\"index, follow, max-snippet:-1, max-image-preview:large, max-video-preview:-1\" \/>\n<link rel=\"canonical\" href=\"https:\/\/www.esae.fr\/actualites\/2016\/plateforme.html\" \/>\n<meta property=\"og:type\" content=\"article\" \/>\n<meta property=\"og:title\" content=\"Inauguration plateforme\" \/>\n<meta property=\"og:description\" content=\"Inauguration de la plate-forme animation et design-mouvement L\u2019Ecole Sup\u00e9rieure [&hellip;]\" \/>\n<meta property=\"og:url\" content=\"https:\/\/www.esae.fr\/actualites\/2016\/plateforme.html\" \/>\n<meta property=\"og:site_name\" content=\"ESAL - 2021\" \/>\n<meta name=\"twitter:card\" content=\"summary_large_image\" \/>\n<meta name=\"twitter:label1\" content=\"Est. reading time\" \/>\n\t<meta name=\"twitter:data1\" content=\"1 minute\" \/>\n<!-- \/ Yoast SEO plugin. -->","yoast_head_json":{"title":"Inauguration plateforme","robots":{"index":"index","follow":"follow","max-snippet":"max-snippet:-1","max-image-preview":"max-image-preview:large","max-video-preview":"max-video-preview:-1"},"canonical":"https:\/\/www.esae.fr\/actualites\/2016\/plateforme.html","og_type":"article","og_title":"Inauguration plateforme","og_description":"Inauguration de la plate-forme animation et design-mouvement L\u2019Ecole Sup\u00e9rieure [&hellip;]","og_url":"https:\/\/www.esae.fr\/actualites\/2016\/plateforme.html","og_site_name":"ESAL - 2021","twitter_card":"summary_large_image","twitter_misc":{"Est. reading time":"1 minute"}},"_links":{"self":[{"href":"https:\/\/www.esae.fr\/index.php?rest_route=\/wp\/v2\/pages\/3","targetHints":{"allow":["GET"]}}],"collection":[{"href":"https:\/\/www.esae.fr\/index.php?rest_route=\/wp\/v2\/pages"}],"about":[{"href":"https:\/\/www.esae.fr\/index.php?rest_route=\/wp\/v2\/types\/page"}],"replies":[{"embeddable":true,"href":"https:\/\/www.esae.fr\/index.php?rest_route=%2Fwp%2Fv2%2Fcomments&post=3"}],"version-history":[{"count":0,"href":"https:\/\/www.esae.fr\/index.php?rest_route=\/wp\/v2\/pages\/3\/revisions"}],"wp:attachment":[{"href":"https:\/\/www.esae.fr\/index.php?rest_route=%2Fwp%2Fv2%2Fmedia&parent=3"}],"curies":[{"name":"wp","href":"https:\/\/api.w.org\/{rel}","templated":true}]}}